{"id":187,"date":"2014-02-12T12:08:57","date_gmt":"2014-02-12T12:08:57","guid":{"rendered":"http:\/\/demo.themeum.com\/starter\/?page_id=187"},"modified":"2024-11-27T11:27:08","modified_gmt":"2024-11-27T11:27:08","slug":"obras","status":"publish","type":"page","link":"http:\/\/robertorobert.es\/wordpress\/obras\/","title":{"rendered":"Obras"},"content":{"rendered":"\n<div class=\"wp-block-group has-very-light-gray-background-color has-background\"><div class=\"wp-block-group__inner-container is-layout-flow wp-block-group-is-layout-flow\">\n<div class=\"wp-block-columns is-layout-flex wp-container-core-columns-is-layout-1 wp-block-columns-is-layout-flex\">\n<div class=\"wp-block-column is-layout-flow wp-block-column-is-layout-flow\" style=\"flex-basis:33.33%\">\n<figure class=\"wp-block-image size-large\"><img loading=\"lazy\" decoding=\"async\" width=\"416\" height=\"500\" src=\"http:\/\/robertorobert.es\/wordpress\/wp-content\/uploads\/2014\/07\/portada_destacada.jpg\" alt=\"\" class=\"wp-image-392\" srcset=\"http:\/\/robertorobert.es\/wordpress\/wp-content\/uploads\/2014\/07\/portada_destacada.jpg 416w, http:\/\/robertorobert.es\/wordpress\/wp-content\/uploads\/2014\/07\/portada_destacada-249x300.jpg 249w\" sizes=\"(max-width: 416px) 100vw, 416px\" \/><\/figure>\n<\/div>\n\n\n\n<div class=\"wp-block-column is-layout-flow wp-block-column-is-layout-flow\" style=\"flex-basis:66.66%\">\n<h3 class=\"wp-block-heading\">LEONES, HIENAS Y CORDEROS<\/h3>\n\n\n\n<p>\u00bfAlguna vez has sentido la necesidad de cambiar tu vida por completo? \u00bfAlguna vez te has sentido al l\u00edmite de tus posibilidades, desorientado y ansioso por encontrar una salida a tus preocupaciones? \u00bfAlguna vez te has sentido discriminado, infravalorado o maltratado en tu trabajo? \u00bfAlguna vez has so\u00f1ado con montar tu propia empresa? En caso afirmativo: esta es tu novela. Leones, hienas y corderos est\u00e1 enmarcada en el g\u00e9nero del Thriller corporativo. Profundiza en los tres prototipos de personas que constituyen las empresas comerciales: Los triunfadores que nadan a contracorriente y consiguen lo que desean \u2013 Leones \u2013, los que se proponen ascender a costa de pisotear a los dem\u00e1s \u2013 Hienas \u2013, y los que se limitan a seguir las directrices de sus superiores sin siquiera plantearse las repercusiones de sus actos \u2013 Corderos \u2013. Leones, hienas y corderos narra la historia de un joven inseguro e influenciable que se encuentra con una oportunidad que cambiar\u00e1 su vida para siempre. El amor, la amistad, la ilusi\u00f3n, el entusiasmo, la decepci\u00f3n, la traici\u00f3n, la envidia, la venganza, la hipocres\u00eda o la codicia, son algunas de las emociones con las que tendr\u00e1 que lidiar en el transcurso de su trayectoria profesional. A lo largo de los diez a\u00f1os que abarca la historia, el protagonista vivir\u00e1 una serie de acontecimientos y experiencias que pondr\u00e1n a prueba sus principios \u00e9ticos y morales fundamentales.<\/p>\n<\/div>\n<\/div>\n<\/div><\/div>\n\n\n\n<div class=\"wp-block-group has-cyan-bluish-gray-background-color has-background\"><div class=\"wp-block-group__inner-container is-layout-flow wp-block-group-is-layout-flow\">\n<div class=\"wp-block-columns is-layout-flex wp-container-core-columns-is-layout-2 wp-block-columns-is-layout-flex\">\n<div class=\"wp-block-column is-layout-flow wp-block-column-is-layout-flow\" style=\"flex-basis:33.33%\">\n<figure class=\"wp-block-image size-large\"><img loading=\"lazy\" decoding=\"async\" width=\"528\" height=\"753\" src=\"http:\/\/robertorobert.es\/wordpress\/wp-content\/uploads\/2018\/03\/Portada-VENDO-LUEGO-SOY.jpg\" alt=\"\" class=\"wp-image-749\" srcset=\"http:\/\/robertorobert.es\/wordpress\/wp-content\/uploads\/2018\/03\/Portada-VENDO-LUEGO-SOY.jpg 528w, http:\/\/robertorobert.es\/wordpress\/wp-content\/uploads\/2018\/03\/Portada-VENDO-LUEGO-SOY-210x300.jpg 210w\" sizes=\"(max-width: 528px) 100vw, 528px\" \/><\/figure>\n<\/div>\n\n\n\n<div class=\"wp-block-column is-layout-flow wp-block-column-is-layout-flow\" style=\"flex-basis:66.66%\">\n<h3 class=\"wp-block-heading\">VENDO LUEGO SOY<\/h3>\n\n\n\n<p>\u201cVendo Luego Soy\u201d, est\u00e1 dividido en tres bloques. El primero profundiza\nen la praxis de las empresas comerciales. El segundo habla de los diez valores\nprimordiales a la hora de ejecutar cualquier faceta relacionada con la\nactividad comercial. Y el tercero aborda los principios te\u00f3ricos a tener en\ncuenta en el preciso instante en el que se decide comenzar a colaborar con una\nentidad comercial.<\/p>\n\n\n\n<p>\u201cVendo Luego Soy\u201d, est\u00e1 dedicado a los profesionales del outsourcing de ventas. Un mercado rebosante de miserias, pero tambi\u00e9n de\ngrandezas. Uno repleto de cortinas de humo y oportunidades, de enga\u00f1os y\nrecompensas, de satisfacciones y decepciones. Plagado de talentosos visionarios\ny mediocres eg\u00f3latras, de combativos mercenarios y fieles colaboradores, de\nindividuos con sed de venganza y sujetos hambrientos de \u00e9xito. Un sector que\nest\u00e1 colmado de personas retorcidas y envidiosas, pero tambi\u00e9n de seres nobles\ny agradecidos.<\/p>\n<\/div>\n<\/div>\n<\/div><\/div>\n\n\n\n<div class=\"wp-block-group has-very-light-gray-background-color has-background\"><div class=\"wp-block-group__inner-container is-layout-flow wp-block-group-is-layout-flow\">\n<div class=\"wp-block-columns is-layout-flex wp-container-core-columns-is-layout-3 wp-block-columns-is-layout-flex\">\n<div class=\"wp-block-column is-layout-flow wp-block-column-is-layout-flow\" style=\"flex-basis:33.33%\">\n<figure class=\"wp-block-image size-large\"><img loading=\"lazy\" decoding=\"async\" width=\"695\" height=\"1024\" src=\"http:\/\/robertorobert.es\/wordpress\/wp-content\/uploads\/2018\/03\/La_Jornada_02-DEFINITIVA-2-695x1024.jpg\" alt=\"\" class=\"wp-image-748\" srcset=\"http:\/\/robertorobert.es\/wordpress\/wp-content\/uploads\/2018\/03\/La_Jornada_02-DEFINITIVA-2-695x1024.jpg 695w, http:\/\/robertorobert.es\/wordpress\/wp-content\/uploads\/2018\/03\/La_Jornada_02-DEFINITIVA-2-203x300.jpg 203w, http:\/\/robertorobert.es\/wordpress\/wp-content\/uploads\/2018\/03\/La_Jornada_02-DEFINITIVA-2-768x1132.jpg 768w\" sizes=\"(max-width: 695px) 100vw, 695px\" \/><\/figure>\n<\/div>\n\n\n\n<div class=\"wp-block-column is-layout-flow wp-block-column-is-layout-flow\" style=\"flex-basis:66.66%\">\n<h3 class=\"wp-block-heading\">LA JORNADA<\/h3>\n\n\n\n<p>La mansi\u00f3n del exc\u00e9ntrico Dr. Enti es el escenario de \u201cLa Jornada Hol\u00edstica\u201d. \u201cLa Jornada Hol\u00edstica\u201d se compone de un conjunto de terapias alternativas que tienen por objeto descubrir la ra\u00edz de las patolog\u00edas de los enfermos. El origen del mal, su desencadenante principal. Desde hace a\u00f1os, hombres y mujeres de los cinco continentes recurren a \u201cLa Jornada\u201d en busca de una cura que ponga fin a su sufrimiento. Personajes: Yago Alcal\u00e1 (el paciente): un empresario con vocaci\u00f3n de escritor que padece una enfermedad g\u00e1strica incurable. Dr. Enti (el terapeuta): un renegado cirujano oncol\u00f3gico que ofrece al mundo una nueva forma de ayudar a los enfermos cr\u00f3nicos o terminales. Natasha (la doncella): una ex\u00f3tica mujer plagada de inesperadas sorpresas. Horacio (el mayordomo): un hombre misterioso de pocas palabras decidido a llevar su compromiso y lealtad hasta l\u00edmites insospechados. Bienvenidos a \u201cLa Jornada Hol\u00edstica\u201d de Yago Alcal\u00e1. El Dr. Enti y sus colaboradores est\u00e1n preparados para emprender un viaje rumbo a lo desconocido. Y lo har\u00e1n sin descanso, hasta las \u00faltimas consecuencias imaginables. Una vez que La Jornada d\u00e9 comienzo, no podr\u00e1 ser interrumpida bajo ning\u00fan concepto. La primera terapia est\u00e1 a punto de comenzar\u2026 \u00bfEst\u00e1s preparado para conocer otra manera de entender la medicina?<\/p>\n<\/div>\n<\/div>\n<\/div><\/div>\n\n\n\n<div class=\"wp-block-group has-cyan-bluish-gray-background-color has-background\"><div class=\"wp-block-group__inner-container is-layout-flow wp-block-group-is-layout-flow\">\n<div class=\"wp-block-columns is-layout-flex wp-container-core-columns-is-layout-4 wp-block-columns-is-layout-flex\">\n<div class=\"wp-block-column is-layout-flow wp-block-column-is-layout-flow\" style=\"flex-basis:33.33%\">\n<figure class=\"wp-block-image size-large\"><img loading=\"lazy\" decoding=\"async\" width=\"683\" height=\"1024\" src=\"http:\/\/robertorobert.es\/wordpress\/wp-content\/uploads\/2020\/01\/LDF_Portada-2-683x1024.jpg\" alt=\"\" class=\"wp-image-769\" srcset=\"http:\/\/robertorobert.es\/wordpress\/wp-content\/uploads\/2020\/01\/LDF_Portada-2-683x1024.jpg 683w, http:\/\/robertorobert.es\/wordpress\/wp-content\/uploads\/2020\/01\/LDF_Portada-2-200x300.jpg 200w, http:\/\/robertorobert.es\/wordpress\/wp-content\/uploads\/2020\/01\/LDF_Portada-2-768x1152.jpg 768w, http:\/\/robertorobert.es\/wordpress\/wp-content\/uploads\/2020\/01\/LDF_Portada-2-1024x1536.jpg 1024w, http:\/\/robertorobert.es\/wordpress\/wp-content\/uploads\/2020\/01\/LDF_Portada-2-1366x2048.jpg 1366w, http:\/\/robertorobert.es\/wordpress\/wp-content\/uploads\/2020\/01\/LDF_Portada-2-scaled.jpg 1707w\" sizes=\"(max-width: 683px) 100vw, 683px\" \/><\/figure>\n<\/div>\n\n\n\n<div class=\"wp-block-column is-layout-flow wp-block-column-is-layout-flow\" style=\"flex-basis:66.66%\">\n<h3 class=\"wp-block-heading\">LA DAMA DEL FORO<\/h3>\n\n\n\n<p>Qu\u00e9 pasar\u00eda si, en vez de salvar a las v\u00edctimas de los villanos, la labor de un superh\u00e9roe consistiera en librarlos a ellos de s\u00ed mismos?<\/p>\n\n\n\n<p>A\u00f1o 2027. Roma. Italia.<\/p>\n\n\n\n<p>(5 de julio: D\u00eda Uno del Fen\u00f3meno).<\/p>\n\n\n\n<p>La Tierra se halla al borde del colapso total. Una joven dotada de incre\u00edbles superpoderes cumple a diario con su misi\u00f3n secreta en el coraz\u00f3n del Foro Romano. Los cuerpos de seguridad en Italia, sobrepasados por la situaci\u00f3n. La poblaci\u00f3n civil, a un paso de la histeria. Un alud de \u00e1vidos corresponsales se desplaza cada d\u00eda hasta El Foro para conseguir el mejor titular posible, la imagen m\u00e1s n\u00edtida. Un periodista reci\u00e9n licenciado inicia una investigaci\u00f3n en la sombra a fin de conocer el origen e intenciones de esa misteriosa mujer. Una lucha a contrarreloj para restablecer el equilibrio en nuestro planeta.<\/p>\n\n\n\n<p>&lt;&lt;Mi nombre es Dama. Ahora, cu\u00e9ntame tu historia. Te escucho&gt;&gt;.<\/p>\n<\/div>\n<\/div>\n<\/div><\/div>\n\n\n\n<div class=\"wp-block-group has-very-light-gray-background-color has-background\"><div class=\"wp-block-group__inner-container is-layout-flow wp-block-group-is-layout-flow\">\n<div class=\"wp-block-columns is-layout-flex wp-container-core-columns-is-layout-5 wp-block-columns-is-layout-flex\">\n<div class=\"wp-block-column is-layout-flow wp-block-column-is-layout-flow\" style=\"flex-basis:33.33%\">\n<figure class=\"wp-block-image size-full\"><a href=\"http:\/\/robertorobert.es\/wordpress\/wp-content\/uploads\/2024\/11\/El-Metodo-Felpac.jpg\"><img loading=\"lazy\" decoding=\"async\" width=\"548\" height=\"822\" src=\"http:\/\/robertorobert.es\/wordpress\/wp-content\/uploads\/2024\/11\/El-Metodo-Felpac.jpg\" alt=\"\" class=\"wp-image-4343\" srcset=\"http:\/\/robertorobert.es\/wordpress\/wp-content\/uploads\/2024\/11\/El-Metodo-Felpac.jpg 548w, http:\/\/robertorobert.es\/wordpress\/wp-content\/uploads\/2024\/11\/El-Metodo-Felpac-200x300.jpg 200w\" sizes=\"(max-width: 548px) 100vw, 548px\" \/><\/a><\/figure>\n<\/div>\n\n\n\n<div class=\"wp-block-column is-layout-flow wp-block-column-is-layout-flow\" style=\"flex-basis:66.66%\">\n<h3 class=\"wp-block-heading\">EL M\u00c9TODO FELPAC<\/h3>\n\n\n\n<p>\u00bfLo estar\u00e9 haciendo bien?, es la pregunta que cualquier padre o madre se formula en alg\u00fan momento de su vida. Lo cierto es que no existe una respuesta clara y espec\u00edfica a esa cuesti\u00f3n. Como suele decirse, los beb\u00e9s no vienen con manual de instrucciones. Tenemos las herramientas que tenemos y lo hacemos lo mejor que podemos.<\/p>\n\n\n\n<p>Pues bien, El M\u00e9todo Felpac es sin duda el manual definitivo para estos padres y madres desbordados.<\/p>\n\n\n\n<p>Pero\u2026 \u00bfen qu\u00e9 consiste, exactamente?<\/p>\n\n\n\n<p>El M\u00e9todo Felpac es un sistema educativo enfocado en la primera y segunda infancia: did\u00e1ctico, sencillo y de un lenguaje coloquial accesible para todo el mundo. No existe en el mercado un sistema de educaci\u00f3n infantil ni remotamente parecido a El M\u00e9todo Felpac.<\/p>\n\n\n\n<p>No pierdas la oportunidad de vivir la educaci\u00f3n de tus hijos al m\u00e1ximo nivel posible. Sabr\u00e1s qu\u00e9 hacer y c\u00f3mo hacerlo en cada instante, sin dudas ni titubeos, sin contradicciones, sin salidas de tono, sin remordimientos. Y lo m\u00e1s importante: divirti\u00e9ndote en todo momento. Permite que tus peque\u00f1os disfruten de su educaci\u00f3n y guarden el mejor recuerdo de ella en el futuro.<\/p>\n\n\n\n<p>Lee y practica El M\u00e9todo Felpac.<\/p>\n\n\n\n<p>T\u00fa no te arrepentir\u00e1s.<\/p>\n\n\n\n<p>Ellos nunca lo olvidar\u00e1n.<\/p>\n<\/div>\n<\/div>\n<\/div><\/div>\n","protected":false},"excerpt":{"rendered":"<p>LEONES, HIENAS Y CORDEROS \u00bfAlguna vez has sentido la necesidad de cambiar tu vida por completo? \u00bfAlguna vez te has sentido al l\u00edmite de tus posibilidades, desorientado y ansioso por encontrar una salida a tus preocupaciones? \u00bfAlguna vez te has sentido discriminado, infravalorado o maltratado en tu trabajo? \u00bfAlguna vez has so\u00f1ado con montar tu &hellip; <\/p>\n<p class=\"link-more\"><a href=\"http:\/\/robertorobert.es\/wordpress\/obras\/\" class=\"more-link\">Continuar leyendo<span class=\"screen-reader-text\"> \u00abObras\u00bb<\/span><\/a><\/p>\n","protected":false},"author":3,"featured_media":0,"parent":0,"menu_order":0,"comment_status":"closed","ping_status":"closed","template":"","meta":{"footnotes":""},"_links":{"self":[{"href":"http:\/\/robertorobert.es\/wordpress\/wp-json\/wp\/v2\/pages\/187"}],"collection":[{"href":"http:\/\/robertorobert.es\/wordpress\/wp-json\/wp\/v2\/pages"}],"about":[{"href":"http:\/\/robertorobert.es\/wordpress\/wp-json\/wp\/v2\/types\/page"}],"author":[{"embeddable":true,"href":"http:\/\/robertorobert.es\/wordpress\/wp-json\/wp\/v2\/users\/3"}],"replies":[{"embeddable":true,"href":"http:\/\/robertorobert.es\/wordpress\/wp-json\/wp\/v2\/comments?post=187"}],"version-history":[{"count":13,"href":"http:\/\/robertorobert.es\/wordpress\/wp-json\/wp\/v2\/pages\/187\/revisions"}],"predecessor-version":[{"id":4345,"href":"http:\/\/robertorobert.es\/wordpress\/wp-json\/wp\/v2\/pages\/187\/revisions\/4345"}],"wp:attachment":[{"href":"http:\/\/robertorobert.es\/wordpress\/wp-json\/wp\/v2\/media?parent=187"}],"curies":[{"name":"wp","href":"https:\/\/api.w.org\/{rel}","templated":true}]}}